{"version":"1.0","provider_name":"Georgina Suli Blogja","provider_url":"https:\/\/georginasuli.cafeblog.hu","author_name":"Georgina Suli Blogja","author_url":"https:\/\/georginasuli.cafeblog.hu\/author\/georgina_suli_blogja\/","title":"Erdei iskola - 5. \u00e9vfolyam","html":"<div>\r\n<div><b>Erdei iskola - 5. \u00e9vfolyam<\/b><\/div>\r\n<div>\u00a0<\/div>\r\n<div><em>Szerz\u0151: Sz\u0171cs J\u00f3zsef 5.b<\/em><\/div>\r\n<div>\u00a0<\/div>\r\n<div>\r\n<div>2014. szeptember 8-12-ig az 5. \u00e9vfolyamos tanul\u00f3k erdei iskol\u00e1ban vehettek r\u00e9szt Balatonsz\u00e1rsz\u00f3n, az Evang\u00e9likus Konferencia- \u00e9s Misszi\u00f3i Otthonban.<\/div>\r\n<div>A tan\u00f3r\u00e1k mellett sz\u00e1mos \u00e9rdekes program sz\u00ednes\u00edtette a gyerekek tanul\u00e1s\u00e1t, ezt most Sz\u0171cs J\u00f3zsef, 5. b oszt\u00e1lyos tanul\u00f3 napl\u00f3j\u00e1b\u00f3l is elolvashatjuk.<\/div>\r\n<\/div>\r\n<div>Kedd:<br \/>A sv\u00e9dasztalos reggeli l\u00e1tt\u00e1n eg\u00e9sz \u00e9letemet itt t\u00f6lt\u00f6ttem volna! Nagyon finom volt.<br \/>Ut\u00e1na a kis csapat elindult Tihany fel\u00e9. El\u0151sz\u00f6r gyalogoltunk egy p\u00e1r kilom\u00e9tert, majd haj\u00f3ra sz\u00e1lltunk. A haj\u00f3k\u00e1z\u00e1s izgalmas volt, \u00e9s nagyon sz\u00e9p l\u00e1tv\u00e1nyban volt r\u00e9sz\u00fcnk. A kir\u00e1ndul\u00e1son megl\u00e1togattuk az ap\u00e1ts\u00e1got, de nem ment\u00fcnk be. Kit\u00f6lt\u00f6tt\u00fcnk egy\u00a0feladatlapot term\u00e9szetismeretb\u0151l, azt\u00e1n t\u00f6rt\u00e9nelem\u00f3ra helyett megn\u00e9zt\u00fcnk egy panoptikumot, ahol kal\u00f3zok \u00e9s magyar kir\u00e1lyok b\u00e1bui voltak ki\u00e1ll\u00edtva. Ut\u00e1na mindenki v\u00e1s\u00e1rolhatott mag\u00e1nak vagy a csal\u00e1dj\u00e1nak egy kis v\u00e1s\u00e1rfi\u00e1t. Ezen a napon is strandoltunk miut\u00e1n hazat\u00e9rt\u00fcnk a sz\u00e1ll\u00e1sunkra, megint kajakozhattam, ami nagyon szuper volt! A f\u00fcrd\u00e9s ut\u00e1n egy kicsit kipihenve magunkat, sor ker\u00fclt egy \u00fajabb j\u00e1t\u00e9kos tanul\u00e1sra is. Este pedig mes\u00e9ket n\u00e9zt\u00fcnk.<\/div>\r\n<\/div>\r\n<div>\r\n<p>Szerda:<br \/> Reggel szakad\u00f3 es\u0151re \u00e9bredt\u00fcnk. Reggeli ut\u00e1n kezd\u0151dtek is a tan\u00f3r\u00e1k: irodalom, matematika, n\u00e9met, angol \u00e9s \u00e9nek. Az \u00f3r\u00e1k sokkal jobbak voltak, mintha a suliban lettek volna. Ezut\u00e1n tan\u00e1rv\u00e1lt\u00e1s volt, T\u00fcnde n\u00e9nit Marika n\u00e9ni v\u00e1ltotta, Gyuri b\u00e1csit pedig K\u00e1roly b\u00e1csi. Ek\u00f6zben megeb\u00e9delt\u00fcnk, \u00e9s megn\u00e9zt\u00fck a Rio 2 c\u00edm\u0171 filmet is. Este ism\u00e9t irodalom\u00f3ra volt, de egy picit m\u00e1smilyen, mint az iskol\u00e1ban, mert j\u00e1t\u00e9kos vet\u00e9lked\u0151n vett\u00fcnk r\u00e9szt, ami a mes\u00e9kr\u0151l sz\u00f3lt.<\/p>\r\n<p>Cs\u00fct\u00f6rt\u00f6k:<br \/> Megint szakad\u00f3 es\u0151re kelt\u00fcnk. Reggeli ut\u00e1n ism\u00e9t a tan\u00f3r\u00e1k k\u00f6vetkeztek. Marika n\u00e9ni tartott nek\u00fcnk k\u00e9t j\u00f3 kis versenyt. Pingpong bajnoks\u00e1g, \u00e9s csocs\u00f3 bajnoks\u00e1g! Ez volt azt\u00e1n a mulats\u00e1g! A pingpong bajnoks\u00e1got \u00e9n nyertem, a csocs\u00f3ban pedig Kesz\u00e9g Zolival k\u00f6z\u00f6sen lett\u00fcnk az els\u0151k. A versenyek k\u00f6zben megeb\u00e9delt\u00fcnk. Az eb\u00e9dek is mindig irt\u00f3 finomak \u00e9s b\u0151s\u00e9gesek voltak. Sokan voltak, akik meg sem tudt\u00e1k enni, mert szinte feln\u0151tt adagokat kaptunk. Ennek \u00e9n nagyon \u00f6r\u00fcltem, mert nagyon szeretek enni! Este \u201eb\u00facs\u00faestre\u201d ker\u00fclt sor, aki akart, elmehetett m\u00e9g egy X-box partira is.<\/p>\r\n<p>P\u00e9ntek:<br \/> Az es\u0151 m\u00e1r nem esett ezen a reggelen, viszont el\u00e9g hidegre \u00e9bredt\u00fcnk. Reggeli ut\u00e1n<br \/> kir\u00e1ndultunk a J\u00f3zsef Attila eml\u00e9kh\u00e1zba. Nagyon sok \u00e9rdekes dolgot l\u00e1ttunk ott, sok mindent megtudhattunk J\u00f3zsef Attil\u00e1r\u00f3l. A m\u00fazeum ut\u00e1n mindenki kapott k\u00e9t gomb\u00f3c fagyit. Haza\u00e9rve \u00f6sszepakoltunk, \u00e9s indultunk hazafel\u00e9 Budapestre. A buszon ism\u00e9t j\u00f3kat nevett\u00fcnk a t\u00e1rsaimmal.<\/p>\r\n<p>Sajn\u00e1lom, hogy ilyen hamar eltelt ez az egy h\u00e9t. Igaz\u00e1n csod\u00e1latos kaland volt!<\/p>\r\n<p>\u00c9s \u00edme, n\u00e9h\u00e1ny k\u00e9p a feledhetetlen h\u00e9tr\u0151l:<\/p>\r\n<p><a href=\"https:\/\/georginasuli.cafeblog.hu\/files\/2014\/11\/IMG_6189.jpg\"><img class=\"alignnone size-medium wp-image-42\" src=\"https:\/\/georginasuli.cafeblog.hu\/files\/2014\/11\/IMG_6189-300x225.jpg\" alt=\"IMG_6189\" width=\"300\" height=\"225\" \/><\/a> <a href=\"https:\/\/georginasuli.cafeblog.hu\/files\/2014\/11\/IMG_6157.jpg\"><img class=\"alignnone size-medium wp-image-41\" src=\"https:\/\/georginasuli.cafeblog.hu\/files\/2014\/11\/IMG_6157-300x225.jpg\" alt=\"IMG_6157\" width=\"300\" height=\"225\" \/><\/a><a href=\"https:\/\/georginasuli.cafeblog.hu\/files\/2014\/11\/IMG_6157.jpg\">\u00f3<\/a>\u00a0<a href=\"https:\/\/georginasuli.cafeblog.hu\/files\/2014\/11\/IMG_6126.jpg\"><img class=\"alignnone size-medium wp-image-40\" src=\"https:\/\/georginasuli.cafeblog.hu\/files\/2014\/11\/IMG_6126-300x225.jpg\" alt=\"IMG_6126\" width=\"300\" height=\"225\" \/><\/a> <a href=\"https:\/\/georginasuli.cafeblog.hu\/files\/2014\/11\/IMG_6093.jpg\"><img class=\"alignnone size-medium wp-image-39\" src=\"https:\/\/georginasuli.cafeblog.hu\/files\/2014\/11\/IMG_6093-300x225.jpg\" alt=\"IMG_6093\" width=\"300\" height=\"225\" \/><\/a> <a href=\"https:\/\/georginasuli.cafeblog.hu\/files\/2014\/11\/IMG_6092.jpg\"><img class=\"alignnone size-medium wp-image-38\" src=\"https:\/\/georginasuli.cafeblog.hu\/files\/2014\/11\/IMG_6092-300x225.jpg\" alt=\"IMG_6092\" width=\"300\" height=\"225\" \/><\/a> <a href=\"https:\/\/georginasuli.cafeblog.hu\/files\/2014\/11\/IMG_6046.jpg\"><img class=\"alignnone size-medium wp-image-37\" src=\"https:\/\/georginasuli.cafeblog.hu\/files\/2014\/11\/IMG_6046-300x225.jpg\" alt=\"IMG_6046\" width=\"300\" height=\"225\" \/><\/a> <a href=\"https:\/\/georginasuli.cafeblog.hu\/files\/2014\/11\/IMG_6022.jpg\"><img class=\"alignnone size-medium wp-image-36\" src=\"https:\/\/georginasuli.cafeblog.hu\/files\/2014\/11\/IMG_6022-225x300.jpg\" alt=\"IMG_6022\" width=\"225\" height=\"300\" \/><\/a> <a href=\"https:\/\/georginasuli.cafeblog.hu\/files\/2014\/11\/IMG_5945.jpg\"><img class=\"alignnone size-medium wp-image-35\" src=\"https:\/\/georginasuli.cafeblog.hu\/files\/2014\/11\/IMG_5945-300x225.jpg\" alt=\"IMG_5945\" width=\"300\" height=\"225\" \/><\/a> <a href=\"https:\/\/georginasuli.cafeblog.hu\/files\/2014\/11\/IMG_5887.jpg\"><img class=\"alignnone size-medium wp-image-34\" src=\"https:\/\/georginasuli.cafeblog.hu\/files\/2014\/11\/IMG_5887-300x225.jpg\" alt=\"IMG_5887\" width=\"300\" height=\"225\" \/><\/a> <a href=\"https:\/\/georginasuli.cafeblog.hu\/files\/2014\/11\/IMG_5873.jpg\"><img class=\"alignnone size-medium wp-image-33\" src=\"https:\/\/georginasuli.cafeblog.hu\/files\/2014\/11\/IMG_5873-300x225.jpg\" alt=\"IMG_5873\" width=\"300\" height=\"225\" \/><\/a><\/p>\r\n<\/div>","type":"rich"}